{"id":1320,"date":"2024-04-07T23:09:12","date_gmt":"2024-04-07T21:09:12","guid":{"rendered":"https:\/\/dramakommando.hu\/?page_id=1320"},"modified":"2024-08-25T23:33:30","modified_gmt":"2024-08-25T21:33:30","slug":"adatvedelmi-iranyelvek","status":"publish","type":"page","link":"https:\/\/dramakommando.hu\/en\/adatvedelmi-iranyelvek\/","title":{"rendered":"Privacy Notice"},"content":{"rendered":"<div data-elementor-type=\"wp-page\" data-elementor-id=\"1320\" class=\"elementor elementor-1320\">\n\t\t\t\t\t\t<section class=\"elementor-section elementor-top-section elementor-element elementor-element-dff7d41 elementor-section-content-middle elementor-section-boxed elementor-section-height-default elementor-section-height-default\" data-id=\"dff7d41\" data-element_type=\"section\">\n\t\t\t\t\t\t\t<div class=\"elementor-background-overlay\"><\/div>\n\t\t\t\t\t\t\t<div class=\"elementor-container elementor-column-gap-no\">\n\t\t\t\t\t<div class=\"elementor-column elementor-col-100 elementor-top-column elementor-element elementor-element-b5576f3\" data-id=\"b5576f3\" data-element_type=\"column\">\n\t\t\t<div class=\"elementor-widget-wrap elementor-element-populated\">\n\t\t\t\t\t\t<div class=\"elementor-element elementor-element-3efba8a elementor-view-default elementor-position-top elementor-mobile-position-top elementor-widget elementor-widget-icon-box\" data-id=\"3efba8a\" data-element_type=\"widget\" data-widget_type=\"icon-box.default\">\n\t\t\t\t<div class=\"elementor-widget-container\">\n\t\t\t\t\t\t\t<div class=\"elementor-icon-box-wrapper\">\n\n\t\t\t\t\t\t<div class=\"elementor-icon-box-icon\">\n\t\t\t\t<span  class=\"elementor-icon\">\n\t\t\t\t<i aria-hidden=\"true\" class=\"far fa-check-circle\"><\/i>\t\t\t\t<\/span>\n\t\t\t<\/div>\n\t\t\t\n\t\t\t\t\t\t<div class=\"elementor-icon-box-content\">\n\n\t\t\t\t\t\t\t\t\t<h1 class=\"elementor-icon-box-title\">\n\t\t\t\t\t\t<span  >\n\t\t\t\t\t\t\tAdatv\u00e9delmi T\u00e1j\u00e9koztat\u00f3\t\t\t\t\t\t<\/span>\n\t\t\t\t\t<\/h1>\n\t\t\t\t\n\t\t\t\t\n\t\t\t<\/div>\n\t\t\t\n\t\t<\/div>\n\t\t\t\t\t\t<\/div>\n\t\t\t\t<\/div>\n\t\t\t\t<div class=\"elementor-element elementor-element-535cc5b elementor-widget__width-initial elementor-widget elementor-widget-text-editor\" data-id=\"535cc5b\" data-element_type=\"widget\" data-widget_type=\"text-editor.default\">\n\t\t\t\t<div class=\"elementor-widget-container\">\n\t\t\t\t\t\t\t\t\t<p style=\"margin: 7.5pt 0cm; font-variant-ligatures: normal; font-variant-caps: normal; line-height: normal; font-family: Roboto, sans-serif; font-size: 16px; font-style: normal; font-weight: 400; background-image: initial; background-position: initial; background-size: initial; background-repeat: initial; background-attachment: initial; background-origin: initial; background-clip: initial;\"><span style=\"color: goldenrod; font-family: Arial, sans-serif; font-size: 22.5pt;\">Adatkezel\u0151<\/span><\/p><p style=\"margin-bottom: 1rem; color: #222222; font-family: 'Merriweather Sans', sans-serif; font-size: 15px; font-style: normal; font-variant-ligatures: normal; font-variant-caps: normal; font-weight: 400;\"><span style=\"font-weight: bolder;\">Adatkezel\u0151<\/span>: Dr\u00e1makommand\u00f3 Egyes\u00fclet (tov\u00e1bbiakban: Dr\u00e1makommand\u00f3)<\/p><p style=\"margin-bottom: 1rem; color: #222222; font-family: 'Merriweather Sans', sans-serif; font-size: 15px; font-style: normal; font-variant-ligatures: normal; font-variant-caps: normal; font-weight: 400;\"><span style=\"font-weight: bolder;\">Adatkezel\u0151 c\u00edme<\/span>:\u00a0Szentendre 2000 Saru k\u00f6z 3.<\/p><p style=\"margin-bottom: 1rem;\"><span style=\"color: #222222; font-family: 'Merriweather Sans', sans-serif; font-size: 15px; font-style: normal; font-variant-ligatures: normal; font-variant-caps: normal; font-weight: bolder;\">Adatkezel\u0151 ad\u00f3sz\u00e1ma<\/span><span style=\"color: #222222; font-family: 'Merriweather Sans', sans-serif; font-size: 15px; font-style: normal; font-variant-ligatures: normal; font-variant-caps: normal; font-weight: 400;\">:\u00a0<\/span><span style=\"text-align: left; font-size: 15px;\"><span style=\"color: #222222; font-family: Merriweather Sans, sans-serif;\">19239981-1-13<\/span><\/span><\/p><p style=\"margin-bottom: 1rem; color: #222222; font-family: 'Merriweather Sans', sans-serif; font-size: 15px; font-style: normal; font-variant-ligatures: normal; font-variant-caps: normal; font-weight: 400;\"><span style=\"font-weight: bolder;\">Adatkezel\u0151 elektronikus levelez\u00e9si c\u00edme<\/span>:\u00a0dramakommando@gmail.com<\/p><h5><span style=\"font-weight: normal;\">A Dr\u00e1makommand\u00f3 mag\u00e1ra n\u00e9zve k\u00f6telez\u0151nek ismeri el jelen jogi k\u00f6zlem\u00e9ny tartalm\u00e1t, tov\u00e1bb\u00e1 k\u00f6telezetts\u00e9get v\u00e1llal arra, hogy tev\u00e9kenys\u00e9g\u00e9vel kapcsolatos minden adatkezel\u00e9s megfelel a jelen szab\u00e1lyzatban \u00e9s a hat\u00e1lyos jogszab\u00e1lyokban meghat\u00e1rozott elv\u00e1r\u00e1soknak. A\u00a0<a href=\"https:\/\/dramakommando.hu\/en\/\">www.dramakommando.hu<\/a>\u00a0c\u00edmen el\u00e9rhet\u0151 szolg\u00e1ltat\u00e1s adatkezel\u00e9seivel kapcsolatosan felmer\u00fcl\u0151 adatv\u00e9delmi ir\u00e1nyelvek folyamatosan el\u00e9rhet\u0151k a\u00a0<a style=\"font-variant-ligatures: normal; font-variant-caps: normal; font-family: 'Merriweather Sans', sans-serif; font-size: 15px; font-style: normal; background-color: #ffffff; color: #13aff0;\" href=\"https:\/\/dramakommando.hu\/en\/\">www.dramakommando.hu<\/a>\u00a0honlapon. A Dr\u00e1mkommand\u00f3 fenntartja mag\u00e1nak a jogot jelen t\u00e1j\u00e9koztat\u00f3 b\u00e1rmikori megv\u00e1ltoztat\u00e1s\u00e1ra. Term\u00e9szetesen az esetleges v\u00e1ltoz\u00e1sokr\u00f3l kell\u0151 id\u0151ben \u00e9rtes\u00edti k\u00f6z\u00f6ns\u00e9g\u00e9t.<\/span><\/h5><h5><span style=\"font-weight: normal;\">Amennyiben felhaszn\u00e1l\u00f3nknak olyan k\u00e9rd\u00e9se lenne, mely jelen k\u00f6zlem\u00e9ny\u00fcnk alapj\u00e1n nem egy\u00e9rtelm\u0171, k\u00e9rj\u00fck, \u00edrja meg nek\u00fcnk, \u00e9s munkat\u00e1rsunk megv\u00e1laszolja k\u00e9rd\u00e9s\u00e9t.<\/span><\/h5><h5><span style=\"font-weight: normal;\">A Dr\u00e1makommand\u00f3 a szem\u00e9lyes adatokat bizalmasan kezeli, \u00e9s megtesz minden olyan biztons\u00e1gi, technikai \u00e9s szervez\u00e9si int\u00e9zked\u00e9st, mely az adatok biztons\u00e1g\u00e1t garant\u00e1lja.<\/span><\/h5><p style=\"margin: 7.5pt 0cm; font-variant-ligatures: normal; font-variant-caps: normal; line-height: normal; font-family: Roboto, sans-serif; font-size: 16px; font-style: normal; font-weight: 400; background-image: initial; background-position: initial; background-size: initial; background-repeat: initial; background-attachment: initial; background-origin: initial; background-clip: initial;\"><span style=\"font-family: Arial, sans-serif; font-size: 22.5pt; color: goldenrod;\">Adatv\u00e9delemmel kapcsolatos hat\u00e1lyos jogszab\u00e1lyok:<\/span><\/p><ul><li><h5><span style=\"font-weight: normal;\">a b\u00fcntet\u0151elj\u00e1r\u00e1sr\u00f3l (Be.) \/ 1998. \u00e9vi XIX. trv.<\/span><\/h5><\/li><li><h5><span style=\"font-weight: normal;\">az elektronikus kereskedelmi szolg\u00e1ltat\u00e1sok, valamint az inform\u00e1ci\u00f3s t\u00e1rsadalommal \u00f6sszef\u00fcgg\u0151 szolg\u00e1ltat\u00e1sok egyes k\u00e9rd\u00e9seir\u0151l (Eker. tv.) \/ 2001. \u00e9vi CVIII. trv.<\/span><\/h5><\/li><li><h5><span style=\"font-weight: normal;\">az elektronikus h\u00edrk\u00f6zl\u00e9sr\u0151l (Eht.) \/ 2003. \u00e9vi C. trv.<\/span><\/h5><\/li><li><h5><span style=\"font-weight: normal;\">a gazdas\u00e1gi rekl\u00e1mtev\u00e9kenys\u00e9g alapvet\u0151 felt\u00e9teleir\u0151l \u00e9s egyes korl\u00e1tair\u00f3l (Grt.);2008.\u00e9vi XLVIII. trv.<\/span><\/h5><\/li><li><h5><span style=\"font-weight: normal;\">az inform\u00e1ci\u00f3s \u00f6nrendelkez\u00e9si jogr\u00f3l \u00e9s az inform\u00e1ci\u00f3szabads\u00e1gr\u00f3l (Infotv.) \/ 2011. \u00e9vi CXII.trv<\/span><\/h5><\/li><li><h5><span style=\"font-weight: normal;\">a Polg\u00e1ri T\u00f6rv\u00e9nyk\u00f6nyvr\u0151l (\u00fajPtk.) \/2013. \u00e9vi V. trv.<\/span><\/h5><\/li><li><h5><span style=\"font-weight: normal;\">az Eur\u00f3pai Parlament \u00e9s a Tan\u00e1cs (EU) 2016\/679 Rendelete (GDPR)<\/span><\/h5><\/li><\/ul><h5 style=\"margin-bottom: 1rem; color: #222222; font-family: 'Merriweather Sans', sans-serif; font-size: 15px; font-style: normal; font-variant-ligatures: normal; font-variant-caps: normal;\"><span style=\"font-weight: normal; color: #daa520; font-family: Arial, sans-serif; font-size: 30px; font-style: normal; font-variant-ligatures: normal; font-variant-caps: normal; text-align: left;\">A Dr\u00e1makommand\u00f3 alapvet\u0151 adatkezel\u00e9si szab\u00e1lyai<\/span><\/h5><h5 style=\"margin-bottom: 1rem; color: #222222; font-family: 'Merriweather Sans', sans-serif; font-size: 15px; font-style: normal; font-variant-ligatures: normal; font-variant-caps: normal;\">Szem\u00e9lyes adat akkor kezelhet\u0151, ha<\/h5><h5 style=\"margin-bottom: 1rem; color: #222222; font-family: 'Merriweather Sans', sans-serif; font-size: 15px; font-style: normal; font-variant-ligatures: normal; font-variant-caps: normal;\"><span style=\"font-weight: normal;\">a) ahhoz az \u00e9rintett hozz\u00e1j\u00e1rul, vagy<\/span><span style=\"font-weight: 400;\"><br \/><\/span><span style=\"font-weight: normal;\">b) azt t\u00f6rv\u00e9ny vagy &#8211; t\u00f6rv\u00e9ny felhatalmaz\u00e1sa alapj\u00e1n, az abban meghat\u00e1rozott k\u00f6rben &#8211; helyi \u00f6nkorm\u00e1nyzat rendelete elrendeli.<\/span><\/h5><h5 style=\"margin-bottom: 1rem; color: #222222; font-family: 'Merriweather Sans', sans-serif; font-size: 15px; font-style: normal; font-variant-ligatures: normal; font-variant-caps: normal;\"><span style=\"font-weight: normal;\">A Dr\u00e1makommand\u00f3 kiemelten fontosnak tartja a gyermekek szem\u00e9lyes adatainak v\u00e9delm\u00e9t, \u00e9s az ahhoz f\u0171z\u0151d\u0151 jogok tiszteletben tart\u00e1s\u00e1t.<\/span><\/h5><h5 style=\"margin-bottom: 1rem; color: #222222; font-family: 'Merriweather Sans', sans-serif; font-size: 15px; font-style: normal; font-variant-ligatures: normal; font-variant-caps: normal;\"><span style=\"font-weight: normal;\">A 14. \u00e9let\u00e9v\u00e9t be nem t\u00f6lt\u00f6tt kiskor\u00fa \u00e9s az egy\u00e9bk\u00e9nt cselekv\u0151k\u00e9ptelen l\u00e1togat\u00f3 nev\u00e9ben a t\u00f6rv\u00e9nyes k\u00e9pvisel\u0151 adhat hozz\u00e1j\u00e1rul\u00e1st. A 14. \u00e9let\u00e9vet bet\u00f6lt\u00f6tt, de 16. \u00e9let\u00e9v\u00e9t m\u00e9g be nem t\u00f6lt\u00f6tt kiskor\u00fa, valamint az egy\u00e9bk\u00e9nt korl\u00e1tozottan cselekv\u0151k\u00e9pes l\u00e1togat\u00f3 a t\u00f6rv\u00e9nyes k\u00e9pvisel\u0151j\u00e9nek beleegyez\u00e9s\u00e9vel vagy ut\u00f3lagos j\u00f3v\u00e1hagy\u00e1s\u00e1val adhat hozz\u00e1j\u00e1rul\u00e1st az adatkezel\u00e9shez. A 16. \u00e9let\u00e9v\u00e9t bet\u00f6lt\u00f6tt kiskor\u00fa l\u00e1togat\u00f3 \u00f6n\u00e1ll\u00f3an adhat hozz\u00e1j\u00e1rul\u00e1st, jognyilatkozata \u00e9rv\u00e9nyess\u00e9g\u00e9hez t\u00f6rv\u00e9nyes k\u00e9pvisel\u0151j\u00e9nek beleegyez\u00e9se vagy ut\u00f3lagos j\u00f3v\u00e1hagy\u00e1sa nem sz\u00fcks\u00e9ges.<\/span><\/h5><h5 style=\"margin-bottom: 1rem; color: #222222; font-family: 'Merriweather Sans', sans-serif; font-size: 15px; font-style: normal; font-variant-ligatures: normal; font-variant-caps: normal;\"><span style=\"font-weight: normal;\">Szem\u00e9lyes adatot kezelni csak meghat\u00e1rozott c\u00e9lb\u00f3l, jog gyakorl\u00e1sa \u00e9s k\u00f6telezetts\u00e9g teljes\u00edt\u00e9se \u00e9rdek\u00e9ben lehet. Az adatkezel\u00e9snek minden szakasz\u00e1ban meg kell felelnie e c\u00e9lnak.<\/span><\/h5><h5 style=\"margin-bottom: 1rem; color: #222222; font-family: 'Merriweather Sans', sans-serif; font-size: 15px; font-style: normal; font-variant-ligatures: normal; font-variant-caps: normal;\"><span style=\"font-weight: normal;\">Csak olyan szem\u00e9lyes adat kezelhet\u0151, amely az adatkezel\u00e9s c\u00e9lj\u00e1nak megval\u00f3sul\u00e1s\u00e1hoz elengedhetetlen, a c\u00e9l el\u00e9r\u00e9s\u00e9re alkalmas, csak a c\u00e9l megval\u00f3sul\u00e1s\u00e1hoz sz\u00fcks\u00e9ges m\u00e9rt\u00e9kben \u00e9s ideig.<\/span><\/h5><h5 style=\"margin-bottom: 1rem; color: #222222; font-family: 'Merriweather Sans', sans-serif; font-size: 15px; font-style: normal; font-variant-ligatures: normal; font-variant-caps: normal;\"><span style=\"font-weight: normal;\">Szem\u00e9lyes adat csak megfelel\u0151 t\u00e1j\u00e9koztat\u00e1son alapul\u00f3 beleegyez\u00e9ssel kezelhet\u0151.<\/span><\/h5><h5 style=\"margin-bottom: 1rem; color: #222222; font-family: 'Merriweather Sans', sans-serif; font-size: 15px; font-style: normal; font-variant-ligatures: normal; font-variant-caps: normal;\"><span style=\"font-weight: normal;\">Az \u00e9rintettet &#8211; egy\u00e9rtelm\u0171en, k\u00f6z\u00e9rthet\u0151en \u00e9s r\u00e9szletesen &#8211; t\u00e1j\u00e9koztatni kell az adatai kezel\u00e9s\u00e9vel kapcsolatos minden t\u00e9nyr\u0151l, \u00edgy k\u00fcl\u00f6n\u00f6sen az adatkezel\u00e9s c\u00e9lj\u00e1r\u00f3l \u00e9s jogalapj\u00e1r\u00f3l, az adatkezel\u00e9sre \u00e9s az adatfeldolgoz\u00e1sra jogosult szem\u00e9ly\u00e9r\u0151l, az adatkezel\u00e9s id\u0151tartam\u00e1r\u00f3l, illetve arr\u00f3l, hogy kik ismerhetik meg az adatokat. A t\u00e1j\u00e9koztat\u00e1snak ki kell terjednie az \u00e9rintett adatkezel\u00e9ssel kapcsolatos jogaira \u00e9s jogorvoslati lehet\u0151s\u00e9geire is.<\/span><\/h5><h5 style=\"margin-bottom: 1rem; color: #222222; font-family: 'Merriweather Sans', sans-serif; font-size: 15px; font-style: normal; font-variant-ligatures: normal; font-variant-caps: normal;\">A kezelt szem\u00e9lyes adatoknak meg kell felelni\u00fck az al\u00e1bbi k\u00f6vetelm\u00e9nyeknek:<br \/><span style=\"font-weight: normal;\">a) felv\u00e9tel\u00fck \u00e9s kezel\u00e9s\u00fck tisztess\u00e9ges \u00e9s t\u00f6rv\u00e9nyes;<\/span><br \/><span style=\"font-weight: normal;\">b) pontosak, teljesek, \u00e9s ha sz\u00fcks\u00e9ges, id\u0151szer\u0171ek;<\/span><br \/><span style=\"font-weight: normal;\">c) t\u00e1rol\u00e1suk m\u00f3dja alkalmas arra, hogy az \u00e9rintettet csak a t\u00e1rol\u00e1s c\u00e9lj\u00e1hoz sz\u00fcks\u00e9ges ideig lehessen azonos\u00edtani.<\/span><br \/><span style=\"font-weight: normal;\">Korl\u00e1toz\u00e1s n\u00e9lk\u00fcl haszn\u00e1lhat\u00f3, \u00e1ltal\u00e1nos \u00e9s egys\u00e9ges szem\u00e9lyazonos\u00edt\u00f3 jel alkalmaz\u00e1sa tilos.<\/span><br \/><span style=\"font-weight: normal;\">A szem\u00e9lyes adatok akkor tov\u00e1bb\u00edthat\u00f3k, valamint a k\u00fcl\u00f6nb\u00f6z\u0151 adatkezel\u00e9sek akkor kapcsolhat\u00f3k \u00f6ssze, ha az \u00e9rintett ahhoz hozz\u00e1j\u00e1rult, vagy t\u00f6rv\u00e9ny azt megengedi, \u00e9s ha az adatkezel\u00e9s felt\u00e9telei minden egyes szem\u00e9lyes adatra n\u00e9zve teljes\u00fclnek.<\/span><\/h5><p style=\"margin-bottom: 1rem; color: #222222; font-family: 'Merriweather Sans', sans-serif; font-size: 15px; font-style: normal; font-variant-ligatures: normal; font-variant-caps: normal;\"><b>A szem\u00e9lyes adatok k\u00f6re, az adatkezel\u00e9s c\u00e9lja, jogc\u00edme \u00e9s id\u0151tartama<br \/><\/b><\/p><h5><span style=\"font-weight: normal;\">A Dr\u00e1makommand\u00f3 a\u00a0<a style=\"font-variant-ligatures: normal; font-variant-caps: normal; font-family: 'Merriweather Sans', sans-serif; font-size: 15px; font-style: normal; background-color: #ffffff; color: #13aff0;\" href=\"https:\/\/dramakommando.hu\/en\/\">www.dramakommando.hu<\/a>\u00a0c\u00edmen el\u00e9rhet\u0151 port\u00e1lj\u00e1val kapcsolatos adatkezel\u00e9sek \u00f6nk\u00e9ntes hozz\u00e1j\u00e1rul\u00e1son alapulnak. Bizonyos esetekben azonban a megadott adatok egy k\u00f6r\u00e9nek kezel\u00e9s\u00e9t, t\u00e1rol\u00e1s\u00e1t, tov\u00e1bb\u00edt\u00e1s\u00e1t jogszab\u00e1lyok teszik k\u00f6telez\u0151v\u00e9, melyr\u0151l k\u00fcl\u00f6n \u00e9rtes\u00edtj\u00fck k\u00f6z\u00f6ns\u00e9g\u00fcnket. Felh\u00edvjuk a Dr\u00e1makommand\u00f3 r\u00e9sz\u00e9re adatk\u00f6zl\u0151k figyelm\u00e9t, hogy amennyiben nem saj\u00e1t szem\u00e9lyes adataikat adj\u00e1k meg, az adatk\u00f6zl\u0151 k\u00f6teless\u00e9ge az \u00e9rintett hozz\u00e1j\u00e1rul\u00e1s\u00e1nak beszerz\u00e9se.<\/span><\/h5><h5 style=\"margin-bottom: 1rem; color: #222222; font-family: 'Merriweather Sans', sans-serif; font-size: 15px; font-style: normal; font-variant-ligatures: normal; font-variant-caps: normal;\"><b>A szem\u00e9lyes adatok t\u00e1rol\u00e1s\u00e1nak m\u00f3dja, az adatkezel\u00e9s biztons\u00e1ga\u00a0<br \/><\/b><span style=\"font-weight: normal;\">A Dr\u00e1makommand\u00f3 a szem\u00e9lyes adatok kezel\u00e9s\u00e9hez a szolg\u00e1ltat\u00e1s ny\u00fajt\u00e1sa sor\u00e1n alkalmazott informatikai eszk\u00f6z\u00f6ket \u00fagy v\u00e1lasztja meg \u00e9s \u00fczemelteti, hogy a kezelt adat:<br \/>a) az arra feljogos\u00edtottak sz\u00e1m\u00e1ra hozz\u00e1f\u00e9rhet\u0151 (rendelkez\u00e9sre \u00e1ll\u00e1s);<\/span><br \/><span style=\"font-weight: normal;\">b) hiteless\u00e9ge \u00e9s hiteles\u00edt\u00e9se biztos\u00edtott (adatkezel\u00e9s hiteless\u00e9ge);<\/span><br \/><span style=\"font-weight: normal;\">c) v\u00e1ltozatlans\u00e1ga igazolhat\u00f3 (adatintegrit\u00e1s);<\/span><br \/><span style=\"font-weight: normal;\">d) a jogosulatlan hozz\u00e1f\u00e9r\u00e9s ellen v\u00e9dett (adat bizalmass\u00e1ga) legyen.<\/span><\/h5><h5><span style=\"font-weight: normal;\">A Dr\u00e1makommand\u00f3 olyan m\u0171szaki, szervez\u00e9si \u00e9s szervezeti int\u00e9zked\u00e9sekkel gondoskodik az adatkezel\u00e9s biztons\u00e1g\u00e1nak v\u00e9delm\u00e9r\u0151l, amely az adatkezel\u00e9ssel kapcsolatban jelentkez\u0151 kock\u00e1zatoknak megfelel\u0151 v\u00e9delmi szintet ny\u00fajt.<\/span><\/h5><h5>A Dr\u00e1makommand\u00f3 az adatkezel\u00e9s sor\u00e1n meg\u0151rzi<br \/><span style=\"font-weight: normal;\">a) a titkoss\u00e1got: megv\u00e9di az inform\u00e1ci\u00f3t, hogy csak az f\u00e9rhessen hozz\u00e1, aki erre jogosult;<br \/>b) a s\u00e9rtetlens\u00e9get: megv\u00e9di az inform\u00e1ci\u00f3nak \u00e9s a feldolgoz\u00e1s m\u00f3dszer\u00e9nek a pontoss\u00e1g\u00e1t \u00e9s teljess\u00e9g\u00e9t;<br \/>c) a rendelkez\u00e9sre \u00e1ll\u00e1st: gondoskodik arr\u00f3l, hogy amikor a jogosult haszn\u00e1l\u00f3nak sz\u00fcks\u00e9ge van r\u00e1, val\u00f3ban hozz\u00e1 tudjon f\u00e9rni a k\u00edv\u00e1nt inform\u00e1ci\u00f3hoz, \u00e9s rendelkez\u00e9sre \u00e1lljanak az ezzel kapcsolatos eszk\u00f6z\u00f6k.<\/span><\/h5><h5><span style=\"font-weight: normal;\">A Dr\u00e1makommand\u00f3 \u00e9s partnereinek informatikai rendszere \u00e9s h\u00e1l\u00f3zata egyar\u00e1nt v\u00e9dett a sz\u00e1m\u00edt\u00f3g\u00e9ppel t\u00e1mogatott csal\u00e1s, k\u00e9mked\u00e9s, szabot\u00e1zs, vandalizmus, t\u0171z \u00e9s \u00e1rv\u00edz, tov\u00e1bb\u00e1 a sz\u00e1m\u00edt\u00f3g\u00e9pv\u00edrusok, a sz\u00e1m\u00edt\u00f3g\u00e9pes bet\u00f6r\u00e9sek \u00e9s a szolg\u00e1latmegtagad\u00e1sra vezet\u0151 t\u00e1mad\u00e1sok ellen. Az \u00fczemeltet\u0151 a biztons\u00e1gr\u00f3l szerverszint\u0171 \u00e9s alkalmaz\u00e1sszint\u0171 v\u00e9delmi elj\u00e1r\u00e1sokkal gondoskodik.<\/span><\/h5><h5><span style=\"font-weight: normal;\">T\u00e1j\u00e9koztatjuk a felhaszn\u00e1l\u00f3kat, hogy az interneten tov\u00e1bb\u00edtott elektronikus \u00fczenetek, protokollt\u00f3l (email, web, ftp stb.) f\u00fcggetlen\u00fcl s\u00e9r\u00fcl\u00e9kenyek az olyan h\u00e1l\u00f3zati fenyeget\u00e9sekkel szemben, amelyek tisztess\u00e9gtelen tev\u00e9kenys\u00e9gre, szerz\u0151d\u00e9s vitat\u00e1s\u00e1ra, vagy az inform\u00e1ci\u00f3 felfed\u00e9s\u00e9re, m\u00f3dos\u00edt\u00e1s\u00e1ra vezetnek. Az ilyen fenyeget\u00e9sekt\u0151l megv\u00e9dend\u0151, a szolg\u00e1ltat\u00f3 megtesz minden t\u0151le elv\u00e1rhat\u00f3 \u00f3vint\u00e9zked\u00e9st. A rendszereket megfigyeli annak \u00e9rdek\u00e9ben, hogy minden biztons\u00e1gi elt\u00e9r\u00e9st r\u00f6gz\u00edthessen, \u00e9s bizony\u00edt\u00e9kkal szolg\u00e1lhasson minden biztons\u00e1gi esem\u00e9ny eset\u00e9ben. A rendszermegfigyel\u00e9s ezen k\u00edv\u00fcl lehet\u0151v\u00e9 teszi az alkalmazott \u00f3vint\u00e9zked\u00e9sek hat\u00e9konys\u00e1g\u00e1nak ellen\u0151rz\u00e9s\u00e9t is.<\/span><\/h5><h5>A szolg\u00e1ltat\u00e1s \u00fcgyf\u00e9lszolg\u00e1lata<br \/><span style=\"font-weight: normal;\">Mind az email, mind a telefonos \u00fcgyf\u00e9lszolg\u00e1latot Dr\u00e1makommand\u00f3 l\u00e1tja el.\u00a0<\/span><\/h5><div><h5 style=\"margin-bottom: 1rem; font-variant-ligatures: normal; font-variant-caps: normal; font-family: 'Merriweather Sans', sans-serif; font-style: normal; color: #222222; text-align: left;\"><span style=\"font-variant-ligatures: normal; font-variant-caps: normal; font-family: Arial, sans-serif; font-size: 30px; font-style: normal; font-weight: normal; color: #daa520; text-align: left;\">S\u00fctikr\u0151l (cookie) sz\u00f3l\u00f3 t\u00e1j\u00e9koztat\u00e1s<\/span><\/h5><div><span style=\"color: #333333;\"><span style=\"font-size: 15px;\">Weboldalunkon \u201ecookie\u201d-kat (tov\u00e1bbiakban \u201es\u00fcti\u201d) alkalmazunk. A s\u00fcti egy egyszer\u0171 sz\u00f6vegf\u00e1jl, melyet az internetes oldal kiszolg\u00e1l\u00f3ja az \u00d6n sz\u00e1m\u00edt\u00f3g\u00e9p\u00e9n vagy mobileszk\u00f6z\u00e9n t\u00e1rol. A kiszolg\u00e1l\u00f3 k\u00e9s\u0151bb k\u00e9pes visszakeresni vagy olvasni a sz\u00f3ban forg\u00f3 s\u00fcti tartalm\u00e1t. A s\u00fctiket az \u00d6n b\u00f6ng\u00e9sz\u0151je kezeli. Minden s\u00fcti egyedi \u00e9s anonimiz\u00e1lt adatokat tartalmaz, p\u00e9ld\u00e1ul egyedi azonos\u00edt\u00f3t, a honlap nev\u00e9t, sz\u00e1mokat \u00e9s bet\u0171ket. Seg\u00edts\u00e9g\u00fckkel a honlap \u201eeml\u00e9kszik\u201d az \u00f6n b\u00f6ng\u00e9sz\u00e9si be\u00e1ll\u00edt\u00e1saira. A s\u00fctik semmilyen szem\u00e9lyes adatot nem tartalmaznak, \u00e9s nem alkalmasak az egyes felhaszn\u00e1l\u00f3k beazonos\u00edt\u00e1s\u00e1ra. A s\u00fctik k\u00f6z\u00f6tt vannak olyanok, amelyek az internetes oldalon tett l\u00e1togat\u00e1s v\u00e9g\u00e9n lej\u00e1rnak, m\u00edg m\u00e1sok hosszabb ideig a sz\u00e1m\u00edt\u00f3g\u00e9p\u00e9n maradnak.\u00a0<\/span><\/span><\/div><div><span style=\"font-size: 15px; font-style: normal; font-variant-ligatures: normal; font-variant-caps: normal; font-weight: normal; text-align: justify; font-family: 'Merriweather Sans', sans-serif; color: #222222;\">A Dr\u00e1makommand\u00f3 s\u00fcti adatv\u00e9delmi nyilatkozata:\u00a0<\/span><span style=\"font-size: 15px; font-weight: normal; color: #333333;\"><span style=\"font-family: 'Merriweather Sans', sans-serif; font-size: 15px; color: #222222;\"><a style=\"font-size: 15px;\" href=\"https:\/\/dramakommando.hu\/en\/suti-adatvedelmi-nyilatkozat\/\">https:\/\/dramakommando.hu\/suti-adatvedelmi-nyilatkozat\/<\/a><\/span><\/span><\/div><div><span style=\"font-size: 15px; font-weight: normal; color: #333333;\">\u00a0<\/span><\/div><\/div><p style=\"margin-bottom: 1rem; color: #222222; font-family: 'Merriweather Sans', sans-serif; font-size: 15px; font-style: normal; font-variant-ligatures: normal; font-variant-caps: normal;\"><b>K\u00fcld\u0151webanal\u00edtika \u00e9s hirdet\u00e9s-kiszolg\u00e1l\u00f3k<\/b><\/p><h5 style=\"margin-bottom: 1rem;\"><span style=\"font-weight: normal;\">A Dr\u00e1makommand\u00f3 a Google Inc. GoogleAnalytics szolg\u00e1ltat\u00e1s\u00e1t haszn\u00e1lja. A GoogleAnalitycscookie-kat haszn\u00e1l abb\u00f3l a c\u00e9lb\u00f3l, hogy seg\u00edtse az adott honlap haszn\u00e1lat\u00e1nak elemz\u00e9s\u00e9t. A cookie \u00e1ltal t\u00e1rolt inform\u00e1ci\u00f3kat (bele\u00e9rtve a Felhaszn\u00e1l\u00f3 IP-c\u00edm\u00e9t) a Google Inc. egyes\u00fclt \u00e1llamokbeli szerverein t\u00e1rolja. A Google Inc. \u00e1tadhatja a gy\u0171jt\u00f6tt inform\u00e1ci\u00f3kat harmadik felek r\u00e9sz\u00e9re, amennyiben ezt t\u00f6rv\u00e9ny \u00edrja el\u0151, vagy az adott harmadik felek a Google Inc. megb\u00edz\u00e1s\u00e1b\u00f3l feldolgozz\u00e1k az inform\u00e1ci\u00f3kat. A Google Inc. a GoogleAdwordsremarketing keret\u00e9ben olyan, a l\u00e1togat\u00f3kat nyomon k\u00f6vet\u0151 cookie-kat helyez el a Felhaszn\u00e1l\u00f3k k\u00e9sz\u00fcl\u00e9k\u00e9n, amelyek a l\u00e1togat\u00f3k online magatart\u00e1s\u00e1t figyelik, \u00e9s amelyek alapj\u00e1n a Google Inc. a felhaszn\u00e1l\u00f3i magatart\u00e1son, \u00e9rdekl\u0151d\u00e9si k\u00f6r\u00f6n alapul\u00f3 rekl\u00e1mot tesz sz\u00e1mukra el\u00e9rhet\u0151v\u00e9 m\u00e1s weboldalakon. A nyomon k\u00f6vet\u0151 cookie lehet\u0151v\u00e9 teszi a Google Inc. sz\u00e1m\u00e1ra a honlapl\u00e1togat\u00f3 azonos\u00edt\u00e1s\u00e1t egy\u00e9b weboldalakon is.<br \/>A Google Inc. \u201eAdatv\u00e9delmi ir\u00e1nyelvei\u201d a\u00a0<span style=\"color: #90d53b;\"><span style=\"transition-duration: 0.2s; transition-timing-function: ease-out;\"><a href=\"https:\/\/policies.google.com\/privacy?hl=hu&amp;gl=hu\" target=\"_blank\" rel=\"noopener\">www.google.hu\/intl\/hu\/policies\/privacy<br \/><\/a><\/span><\/span>Inform\u00e1ci\u00f3 a Google Inc. adatokkal kapcsolatos tev\u00e9kenys\u00e9g\u00e9r\u0151l \u00e9s a cookie-k letilt\u00e1s\u00e1r\u00f3l, a hirdet\u00e9sek szem\u00e9lyre szab\u00e1s\u00e1r\u00f3l:\u00a0<span style=\"color: #90d53b;\"><span style=\"transition-duration: 0.2s; transition-timing-function: ease-out;\"><a href=\"https:\/\/policies.google.com\/technologies\/ads?hl=hu\" target=\"_blank\" rel=\"noopener\">www.google.com\/intl\/hu\/policies\/technologies\/ads<\/a><\/span><\/span><\/span><\/h5><h5 style=\"margin-bottom: 1rem; font-variant-ligatures: normal; font-variant-caps: normal; font-family: 'Merriweather Sans', sans-serif; font-style: normal; color: #222222;\"><span style=\"font-variant-ligatures: normal; font-variant-caps: normal; font-family: Arial, sans-serif; font-size: 30px; font-style: normal; font-weight: normal; color: #daa520; text-align: left;\">K\u00f6z\u00f6ss\u00e9gfejleszt\u0151 programokra \/ t\u00e1borba jelentkez\u00e9s<\/span><\/h5><h5 style=\"margin-bottom: 1rem;\"><span style=\"font-size: 15px; text-align: left;\"><span style=\"font-weight: normal;\">Az inform\u00e1ci\u00f3s \u00f6nrendelkez\u00e9si jogr\u00f3l \u00e9s az inform\u00e1ci\u00f3szabads\u00e1gr\u00f3l sz\u00f3l\u00f3 2011. \u00e9vi CXII. t\u00f6rv\u00e9ny 20. \u00a7\u00a0<\/span><\/span><span style=\"font-weight: normal;\">(4) bekezd\u00e9se alapj\u00e1n, meg kell hat\u00e1rozni a jelentkez\u00e9shez kapcsol\u00f3d\u00f3 adatkezel\u00e9s k\u00f6r\u00e9ben a k\u00f6vetkez\u0151ket:<\/span><\/h5><div><h5><span style=\"font-weight: normal;\"><span style=\"font-size: 15px;\">a) az adatgy\u0171jt\u00e9s t\u00e9nye,<br \/><\/span><span style=\"font-size: 15px;\">b) az \u00e9rintettek k\u00f6re,<br \/><\/span><span style=\"font-size: 15px;\">c) az adatgy\u0171jt\u00e9s c\u00e9lja,<br \/><\/span><span style=\"font-size: 15px;\">d) az adatkezel\u00e9s id\u0151tartama,<br \/><\/span><span style=\"font-size: 15px;\">e) az adatok megismer\u00e9s\u00e9re jogosult lehets\u00e9ges adatkezel\u0151k szem\u00e9lye,<br \/><\/span><span style=\"font-size: 15px;\">f) az \u00e9rintettek adatkezel\u00e9ssel kapcsolatos jogainak ismertet\u00e9se.<\/span><\/span><\/h5><h5>Az \u00e9rintettek k\u00f6re:<span style=\"font-size: 15px; font-weight: normal;\"> A weboldalon vagy egy\u00e9b m\u00f3don a Dr\u00e1makommand\u00f3 k\u00f6z\u00f6ss\u00e9gfejleszt\u0151 programj\u00e1ra vagy t\u00e1bor\u00e1ba jelentkez\u0151 valamennyi \u00e9rintett.<\/span><span style=\"font-weight: normal; font-size: 15px;\"><br \/><\/span><\/h5><div><h5><span style=\"font-size: 15px;\">Az adatkezel\u00e9s id\u0151tartama, az adatok t\u00f6rl\u00e9s\u00e9nek hat\u00e1rideje:<br \/><\/span><span style=\"font-weight: normal; font-size: 15px;\">Az \u00e9rintett t\u00f6rl\u00e9si k\u00e9r\u00e9s\u00e9ig\/a regisztr\u00e1ci\u00f3 t\u00f6rl\u00e9s\u00e9ig tart az adatkezel\u00e9s. A sz\u00e1mviteli bizonylatok eset\u00e9ben 8 \u00e9v, hiszen\u00a0<\/span><span style=\"font-weight: normal; font-size: 15px;\">a sz\u00e1mvitelr\u0151l sz\u00f3l\u00f3 2000. \u00e9vi C. t\u00f6rv\u00e9ny 169. \u00a7 (2) bekezd\u00e9se alapj\u00e1n 8 \u00e9vig meg kell \u0151rizni a\u00a0<\/span><span style=\"font-weight: normal; font-size: 15px;\">sz\u00e1mvitellel \u00f6sszef\u00fcgg\u0151 adatokat.<\/span><\/h5><h5><span style=\"font-weight: normal; font-size: 15px;\">A k\u00f6nyvviteli elsz\u00e1mol\u00e1st k\u00f6zvetlen\u00fcl \u00e9s k\u00f6zvetetten al\u00e1t\u00e1maszt\u00f3 sz\u00e1mviteli bizonylatot (ide\u00e9rtve a f\u0151k\u00f6nyvi<br \/><\/span><span style=\"font-weight: normal; font-size: 15px;\">sz\u00e1ml\u00e1kat, az analitikus, illetve r\u00e9szletez\u0151 nyilv\u00e1ntart\u00e1sokat is), legal\u00e1bb 8 \u00e9vig kell olvashat\u00f3 form\u00e1ban, a<br \/><\/span><span style=\"font-weight: normal; font-size: 15px;\">k\u00f6nyvel\u00e9si feljegyz\u00e9sek hivatkoz\u00e1sa alapj\u00e1n visszakereshet\u0151 m\u00f3don meg\u0151rizni<\/span><\/h5><div><h5 style=\"font-variant-ligatures: normal; font-variant-caps: normal; font-family: Roboto, sans-serif; font-style: normal;\"><span style=\"font-size: 15px;\">Az adatgy\u0171jt\u00e9s t\u00e9nye, a kezelt adatok k\u00f6re \u00e9s az adatkezel\u00e9s c\u00e9lja<\/span><\/h5><\/div><\/div><\/div>\t\t\t\t\t\t\t\t<\/div>\n\t\t\t\t<\/div>\n\t\t\t\t<div class=\"elementor-element elementor-element-956bb70 eael-table-align-center eael-dt-th-align-left elementor-widget elementor-widget-eael-data-table\" data-id=\"956bb70\" data-element_type=\"widget\" data-widget_type=\"eael-data-table.default\">\n\t\t\t\t<div class=\"elementor-widget-container\">\n\t\t\t\t\t\t\t<div class=\"eael-data-table-wrap\" data-table_id=\"956bb70\" id=\"eael-data-table-wrapper-956bb70\" data-custom_responsive=\"false\">\n\t\t\t<table class=\"tablesorter eael-data-table center\" id=\"eael-data-table-956bb70\">\n\t\t\t    <thead>\n\t\t\t        <tr class=\"table-header\">\n\t\t\t\t\t\t\t\t\t            <th class=\"\" id=\"\" colspan=\"\">\n\t\t\t\t\t\t\t\t\t\t\t\t\t\t<span class=\"data-table-header-text\">Szem\u00e9lyes Adat<\/span><\/th>\n\t\t\t        \t\t\t\t            <th class=\"\" id=\"\" colspan=\"\">\n\t\t\t\t\t\t\t\t\t\t\t\t\t\t<span class=\"data-table-header-text\">Az adatkezel\u00e9s c\u00e9lja<\/span><\/th>\n\t\t\t        \t\t\t\t        <\/tr>\n\t\t\t    <\/thead>\n\t\t\t  \t<tbody>\n\t\t\t\t\t\t\t\t\t\t\t<tr>\n\t\t\t\t\t\t\t\t\t\t\t\t\t\t\t\t   \t\t\t\t\t\t\t\t\t\t\t<td colspan=\"\" rowspan=\"\" class=\"\" id=\"\">\n\t\t\t\t\t\t\t\t\t\t\t\t<div class=\"td-content-wrapper\"><div class=\"td-content\">\n\t\t\t\t\t\t\t\t\t\t\t\t\tSz\u00fcl\u0151 neve\t\t\t\t\t\t\t\t\t\t\t\t<\/div><\/div>\n\t\t\t\t\t\t\t\t\t\t\t<\/td>\n\t\t\t\t\t\t\t\t\t\t\t\t\t\t\t\t\t\t\t\t\t\t\t\t\t\t\t\t\t   \t\t\t\t\t\t\t\t\t\t\t<td colspan=\"\" rowspan=\"\" class=\"\" id=\"\">\n\t\t\t\t\t\t\t\t\t\t\t\t<div class=\"td-content-wrapper\"><div class=\"td-content\">\n\t\t\t\t\t\t\t\t\t\t\t\t\tA kapcsolatfelv\u00e9telhez, a jelentkez\u00e9shez \u00e9s a\nszab\u00e1lyszer\u0171 sz\u00e1mla ki\u00e1ll\u00edt\u00e1s\u00e1hoz sz\u00fcks\u00e9ges.\nJelentkez\u00e9s, szolg\u00e1ltat\u00e1sny\u00fajt\u00e1s.\t\t\t\t\t\t\t\t\t\t\t\t<\/div><\/div>\n\t\t\t\t\t\t\t\t\t\t\t<\/td>\n\t\t\t\t\t\t\t\t\t\t\t\t\t\t\t\t\t\t\t\t\t\t\t\t\t\t<\/tr>\n\t\t\t        \t\t\t\t\t\t<tr>\n\t\t\t\t\t\t\t\t\t\t\t\t\t\t\t\t   \t\t\t\t\t\t\t\t\t\t\t<td colspan=\"\" rowspan=\"\" class=\"\" id=\"\">\n\t\t\t\t\t\t\t\t\t\t\t\t<div class=\"td-content-wrapper\"><div class=\"td-content\">\n\t\t\t\t\t\t\t\t\t\t\t\t\tEmail c\u00edm\t\t\t\t\t\t\t\t\t\t\t\t<\/div><\/div>\n\t\t\t\t\t\t\t\t\t\t\t<\/td>\n\t\t\t\t\t\t\t\t\t\t\t\t\t\t\t\t\t\t\t\t\t\t\t\t\t\t\t\t\t   \t\t\t\t\t\t\t\t\t\t\t<td colspan=\"\" rowspan=\"\" class=\"\" id=\"\">\n\t\t\t\t\t\t\t\t\t\t\t\t<div class=\"td-content-wrapper\"><div class=\"td-content\">\n\t\t\t\t\t\t\t\t\t\t\t\t\tKapcsolattart\u00e1s. jelentkez\u00e9s, szolg\u00e1ltat\u00e1sny\u00fajt\u00e1s.\t\t\t\t\t\t\t\t\t\t\t\t<\/div><\/div>\n\t\t\t\t\t\t\t\t\t\t\t<\/td>\n\t\t\t\t\t\t\t\t\t\t\t\t\t\t\t\t\t\t\t\t\t\t\t\t\t\t<\/tr>\n\t\t\t        \t\t\t\t\t\t<tr>\n\t\t\t\t\t\t\t\t\t\t\t\t\t\t\t\t   \t\t\t\t\t\t\t\t\t\t\t<td colspan=\"\" rowspan=\"\" class=\"\" id=\"\">\n\t\t\t\t\t\t\t\t\t\t\t\t<div class=\"td-content-wrapper\"><div class=\"td-content\">\n\t\t\t\t\t\t\t\t\t\t\t\t\tPhone\t\t\t\t\t\t\t\t\t\t\t\t<\/div><\/div>\n\t\t\t\t\t\t\t\t\t\t\t<\/td>\n\t\t\t\t\t\t\t\t\t\t\t\t\t\t\t\t\t\t\t\t\t\t\t\t\t\t\t\t\t   \t\t\t\t\t\t\t\t\t\t\t<td colspan=\"\" rowspan=\"\" class=\"\" id=\"\">\n\t\t\t\t\t\t\t\t\t\t\t\t<div class=\"td-content-wrapper\"><div class=\"td-content\">\n\t\t\t\t\t\t\t\t\t\t\t\t\tKapcsolattart\u00e1s, a sz\u00e1ml\u00e1z\u00e1ssal vagy a tanfolyammal\n\u00e9s a gyermekkel kapcsolatos k\u00e9rd\u00e9sek hat\u00e9konyabb\negyeztet\u00e9se. Jelentkez\u00e9s, szolg\u00e1ltat\u00e1sny\u00fajt\u00e1s.\t\t\t\t\t\t\t\t\t\t\t\t<\/div><\/div>\n\t\t\t\t\t\t\t\t\t\t\t<\/td>\n\t\t\t\t\t\t\t\t\t\t\t\t\t\t\t\t\t\t\t\t\t\t\t\t\t\t<\/tr>\n\t\t\t        \t\t\t\t\t\t<tr>\n\t\t\t\t\t\t\t\t\t\t\t\t\t\t\t\t   \t\t\t\t\t\t\t\t\t\t\t<td colspan=\"\" rowspan=\"\" class=\"\" id=\"\">\n\t\t\t\t\t\t\t\t\t\t\t\t<div class=\"td-content-wrapper\"><div class=\"td-content\">\n\t\t\t\t\t\t\t\t\t\t\t\t\tLakc\u00edm\t\t\t\t\t\t\t\t\t\t\t\t<\/div><\/div>\n\t\t\t\t\t\t\t\t\t\t\t<\/td>\n\t\t\t\t\t\t\t\t\t\t\t\t\t\t\t\t\t\t\t\t\t\t\t\t\t\t\t\t\t   \t\t\t\t\t\t\t\t\t\t\t<td colspan=\"\" rowspan=\"\" class=\"\" id=\"\">\n\t\t\t\t\t\t\t\t\t\t\t\t<div class=\"td-content-wrapper\"><div class=\"td-content\">\n\t\t\t\t\t\t\t\t\t\t\t\t\tA szab\u00e1lyszer\u0171 sz\u00e1mla ki\u00e1ll\u00edt\u00e1sa, tov\u00e1bb\u00e1 a szerz\u0151d\u00e9s\nl\u00e9trehoz\u00e1sa, tartalm\u00e1nak meghat\u00e1roz\u00e1sa,\nm\u00f3dos\u00edt\u00e1sa, teljes\u00edt\u00e9s\u00e9nek figyelemmel k\u00eds\u00e9r\u00e9se, az\nabb\u00f3l sz\u00e1rmaz\u00f3 d\u00edjak sz\u00e1ml\u00e1z\u00e1sa, valamint az azzal\nkapcsolatos k\u00f6vetel\u00e9sek \u00e9rv\u00e9nyes\u00edt\u00e9se. Jelentkez\u00e9s,\nszolg\u00e1ltat\u00e1sny\u00fajt\u00e1s.\t\t\t\t\t\t\t\t\t\t\t\t<\/div><\/div>\n\t\t\t\t\t\t\t\t\t\t\t<\/td>\n\t\t\t\t\t\t\t\t\t\t\t\t\t\t\t\t\t\t\t\t\t\t\t\t\t\t<\/tr>\n\t\t\t        \t\t\t\t\t\t<tr>\n\t\t\t\t\t\t\t\t\t\t\t\t\t\t\t\t   \t\t\t\t\t\t\t\t\t\t\t<td colspan=\"\" rowspan=\"\" class=\"\" id=\"\">\n\t\t\t\t\t\t\t\t\t\t\t\t<div class=\"td-content-wrapper\"><div class=\"td-content\">\n\t\t\t\t\t\t\t\t\t\t\t\t\tGyermek neve, sz\u00fclet\u00e9si ideje, helye,\t\t\t\t\t\t\t\t\t\t\t\t<\/div><\/div>\n\t\t\t\t\t\t\t\t\t\t\t<\/td>\n\t\t\t\t\t\t\t\t\t\t\t\t\t\t\t\t\t\t\t\t\t\t\t\t\t\t\t\t\t   \t\t\t\t\t\t\t\t\t\t\t<td colspan=\"\" rowspan=\"\" class=\"\" id=\"\">\n\t\t\t\t\t\t\t\t\t\t\t\t<div class=\"td-content-wrapper\"><div class=\"td-content\">\n\t\t\t\t\t\t\t\t\t\t\t\t\tAzonos\u00edt\u00e1s, szolg\u00e1ltat\u00e1sny\u00fajt\u00e1s.\t\t\t\t\t\t\t\t\t\t\t\t<\/div><\/div>\n\t\t\t\t\t\t\t\t\t\t\t<\/td>\n\t\t\t\t\t\t\t\t\t\t\t\t\t\t\t\t\t\t\t\t\t\t\t\t\t\t<\/tr>\n\t\t\t        \t\t\t\t\t\t<tr>\n\t\t\t\t\t\t\t\t\t\t\t\t\t\t\t\t   \t\t\t\t\t\t\t\t\t\t\t<td colspan=\"\" rowspan=\"\" class=\"\" id=\"\">\n\t\t\t\t\t\t\t\t\t\t\t\t<div class=\"td-content-wrapper\"><div class=\"td-content\">\n\t\t\t\t\t\t\t\t\t\t\t\t\tGyermek TAJ-sz\u00e1ma\t\t\t\t\t\t\t\t\t\t\t\t<\/div><\/div>\n\t\t\t\t\t\t\t\t\t\t\t<\/td>\n\t\t\t\t\t\t\t\t\t\t\t\t\t\t\t\t\t\t\t\t\t\t\t\t\t\t\t\t\t   \t\t\t\t\t\t\t\t\t\t\t<td colspan=\"\" rowspan=\"\" class=\"\" id=\"\">\n\t\t\t\t\t\t\t\t\t\t\t\t<div class=\"td-content-wrapper\"><div class=\"td-content\">\n\t\t\t\t\t\t\t\t\t\t\t\t\tGyermek eg\u00e9szs\u00e9g\u00fcgyi probl\u00e9m\u00e1ja vagy baleset eset\u00e9n pontos \u00e9s kiz\u00e1r\u00f3lagos betegazonos\u00edt\u00e1s.\t\t\t\t\t\t\t\t\t\t\t\t<\/div><\/div>\n\t\t\t\t\t\t\t\t\t\t\t<\/td>\n\t\t\t\t\t\t\t\t\t\t\t\t\t\t\t\t\t\t\t\t\t\t\t\t\t\t<\/tr>\n\t\t\t        \t\t\t\t\t\t<tr>\n\t\t\t\t\t\t\t\t\t\t\t\t\t\t\t\t   \t\t\t\t\t\t\t\t\t\t\t<td colspan=\"\" rowspan=\"\" class=\"\" id=\"\">\n\t\t\t\t\t\t\t\t\t\t\t\t<div class=\"td-content-wrapper\"><div class=\"td-content\">\n\t\t\t\t\t\t\t\t\t\t\t\t\tEgy\u00e9b inform\u00e1ci\u00f3k a gyermekr\u0151l (nem k\u00f6telez\u0151): \u00e9tel\u00e9rz\u00e9kenys\u00e9g, pollen\u00e9rz\u00e9keny, allergia vagy b\u00e1rmi, amit a sz\u00fcl\u0151 k\u00f6z\u00f6lni akar\t\t\t\t\t\t\t\t\t\t\t\t<\/div><\/div>\n\t\t\t\t\t\t\t\t\t\t\t<\/td>\n\t\t\t\t\t\t\t\t\t\t\t\t\t\t\t\t\t\t\t\t\t\t\t\t\t\t\t\t\t   \t\t\t\t\t\t\t\t\t\t\t<td colspan=\"\" rowspan=\"\" class=\"\" id=\"\">\n\t\t\t\t\t\t\t\t\t\t\t\t<div class=\"td-content-wrapper\"><div class=\"td-content\">\n\t\t\t\t\t\t\t\t\t\t\t\t\tSzolg\u00e1ltat\u00e1sny\u00fajt\u00e1s.\t\t\t\t\t\t\t\t\t\t\t\t<\/div><\/div>\n\t\t\t\t\t\t\t\t\t\t\t<\/td>\n\t\t\t\t\t\t\t\t\t\t\t\t\t\t\t\t\t\t\t\t\t\t\t\t\t\t<\/tr>\n\t\t\t        \t\t\t    <\/tbody>\n\t\t\t<\/table>\n\t\t<\/div>\n\t  \t\t\t\t\t<\/div>\n\t\t\t\t<\/div>\n\t\t\t\t<div class=\"elementor-element elementor-element-e05cd56 elementor-widget__width-initial elementor-widget elementor-widget-text-editor\" data-id=\"e05cd56\" data-element_type=\"widget\" data-widget_type=\"text-editor.default\">\n\t\t\t\t<div class=\"elementor-widget-container\">\n\t\t\t\t\t\t\t\t\t<h5 style=\"margin-bottom: 1rem; font-variant-ligatures: normal; font-variant-caps: normal; font-style: normal; text-align: left;\"><span style=\"color: #daa520; font-family: Arial, sans-serif;\"><span style=\"font-size: 30px; font-weight: 400;\">Defin\u00edci\u00f3<\/span><\/span><\/h5><ul style=\"color: #222222; font-family: 'Merriweather Sans', sans-serif; font-size: 15px; text-align: left;\"><li><span style=\"color: #222222;\">\u00e9rintett<span style=\"font-weight: normal;\">: b\u00e1rmely meghat\u00e1rozott, szem\u00e9lyes adat alapj\u00e1n azonos\u00edtott vagy \u2013 k\u00f6zvetlen\u00fcl vagy k\u00f6zvetve \u2013 azonos\u00edthat\u00f3 term\u00e9szetes szem\u00e9ly;<\/span><\/span><\/li><li>szem\u00e9lyes adat<span style=\"font-weight: normal;\">: az \u00e9rintettel kapcsolatba hozhat\u00f3 adat \u2013 k\u00fcl\u00f6n\u00f6sen az \u00e9rintett neve, azonos\u00edt\u00f3 jele, valamint egy vagy t\u00f6bb fizikai, fiziol\u00f3giai, ment\u00e1lis, gazdas\u00e1gi, kultur\u00e1lis vagy szoci\u00e1lis azonoss\u00e1g\u00e1ra jellemz\u0151 ismeret \u2013, valamint az adatb\u00f3l levonhat\u00f3, az \u00e9rintettre vonatkoz\u00f3 k\u00f6vetkeztet\u00e9s;<\/span><\/li><li>hozz\u00e1j\u00e1rul\u00e1s<span style=\"font-weight: normal;\">: az \u00e9rintett akarat\u00e1nak \u00f6nk\u00e9ntes \u00e9s hat\u00e1rozott kinyilv\u00e1n\u00edt\u00e1sa, amely megfelel\u0151 t\u00e1j\u00e9koztat\u00e1son alapul, \u00e9s amellyel f\u00e9lre\u00e9rthetetlen beleegyez\u00e9s\u00e9t adjaa r\u00e1 vonatkoz\u00f3 szem\u00e9lyes adatok &#8211; teljes k\u00f6r\u0171 vagy egyes m\u0171veletekre kiterjed\u0151 &#8211; kezel\u00e9s\u00e9hez;<\/span><\/li><li>tiltakoz\u00e1s<span style=\"font-weight: normal;\">: az \u00e9rintett nyilatkozata, amellyel szem\u00e9lyes adatainak kezel\u00e9s\u00e9t kifog\u00e1solja, \u00e9s az adatkezel\u00e9s megsz\u00fcntet\u00e9s\u00e9t, illetve a kezelt adatok t\u00f6rl\u00e9s\u00e9t k\u00e9ri;<\/span><\/li><li>adatkezel\u0151<span style=\"font-weight: normal;\">: az a term\u00e9szetes vagy jogi szem\u00e9ly, illetve jogi szem\u00e9lyis\u00e9ggel nem rendelkez\u0151 szervezet, aki vagy amely \u00f6n\u00e1ll\u00f3an vagy m\u00e1sokkal egy\u00fctt az adatok kezel\u00e9s\u00e9nek c\u00e9lj\u00e1t meghat\u00e1rozza, az adatkezel\u00e9sre (bele\u00e9rtve a felhaszn\u00e1lt eszk\u00f6zt) vonatkoz\u00f3 d\u00f6nt\u00e9seket meghozza \u00e9s v\u00e9grehajtja, vagy az \u00e1ltala megb\u00edzott adatfeldolgoz\u00f3val v\u00e9grehajtatja;<\/span><\/li><li>adatkezel\u00e9s<span style=\"font-weight: normal;\">: az alkalmazott elj\u00e1r\u00e1st\u00f3l f\u00fcggetlen\u00fcl az adatokon v\u00e9gzett b\u00e1rmely m\u0171velet vagy a m\u0171veletek \u00f6sszess\u00e9ge, \u00edgy k\u00fcl\u00f6n\u00f6sen gy\u0171jt\u00e9se, felv\u00e9tele, r\u00f6gz\u00edt\u00e9se, rendszerez\u00e9se, t\u00e1rol\u00e1sa, megv\u00e1ltoztat\u00e1sa, felhaszn\u00e1l\u00e1sa, lek\u00e9rdez\u00e9se, tov\u00e1bb\u00edt\u00e1sa, nyilv\u00e1noss\u00e1gra hozatala, \u00f6sszehangol\u00e1sa vagy \u00f6sszekapcsol\u00e1sa, z\u00e1rol\u00e1sa, t\u00f6rl\u00e9se \u00e9s megsemmis\u00edt\u00e9se, valamint az adatok tov\u00e1bbi felhaszn\u00e1l\u00e1s\u00e1nak megakad\u00e1lyoz\u00e1sa, f\u00e9nyk\u00e9p-, hang- vagy k\u00e9pfelv\u00e9tel k\u00e9sz\u00edt\u00e9se, valamint a szem\u00e9ly azonos\u00edt\u00e1s\u00e1ra alkalmas fizikai jellemz\u0151k (pl. ujj- vagy teny\u00e9rnyomat, DNS-minta, \u00edriszk\u00e9p) r\u00f6gz\u00edt\u00e9se;<\/span><\/li><li>adattov\u00e1bb\u00edt\u00e1s<span style=\"font-weight: normal;\">: az adat meghat\u00e1rozottharmadik szem\u00e9ly sz\u00e1m\u00e1ra t\u00f6rt\u00e9n\u0151 hozz\u00e1f\u00e9rhet\u0151v\u00e9 t\u00e9tele;<\/span><\/li><li>nyilv\u00e1noss\u00e1gra hozatal<span style=\"font-weight: normal;\">: az adatot b\u00e1rki sz\u00e1m\u00e1ra t\u00f6rt\u00e9n\u0151 hozz\u00e1f\u00e9rhet\u0151v\u00e9 t\u00e9tele;<\/span><\/li><li>adatt\u00f6rl\u00e9s<span style=\"font-weight: normal;\">: az adatok felismerhetetlenn\u00e9 t\u00e9tele oly m\u00f3don, hogy a helyre\u00e1ll\u00edt\u00e1suk t\u00f6bb\u00e9 nem lehets\u00e9ges;<\/span><\/li><li>adatmegjel\u00f6l\u00e9s<span style=\"font-weight: normal;\">: az adat azonos\u00edt\u00f3 jelz\u00e9ssel ell\u00e1t\u00e1sa annak megk\u00fcl\u00f6nb\u00f6ztet\u00e9se c\u00e9lj\u00e1b\u00f3l;<\/span><\/li><li>adatz\u00e1rol\u00e1s<span style=\"font-weight: normal;\">: az adat azonos\u00edt\u00f3 jelz\u00e9ssel ell\u00e1t\u00e1sa tov\u00e1bbi kezel\u00e9s\u00e9nek v\u00e9gleges vagy meghat\u00e1rozott id\u0151re t\u00f6rt\u00e9n\u0151 korl\u00e1toz\u00e1sa c\u00e9lj\u00e1b\u00f3l;<\/span><\/li><li>adatmegsemmis\u00edt\u00e9s<span style=\"font-weight: normal;\">: az adatokat tartalmaz\u00f3 adathordoz\u00f3 teljes fizikai megsemmis\u00edt\u00e9se;<\/span><\/li><li>adatfeldolgoz\u00e1s<span style=\"font-weight: normal;\">: az adatkezel\u00e9si m\u0171veletekhezkapcsol\u00f3d\u00f3 technikai feladatok elv\u00e9gz\u00e9se, f\u00fcggetlen\u00fcl a m\u0171veletek v\u00e9grehajt\u00e1s\u00e1hoz alkalmazott m\u00f3dszert\u0151l \u00e9s eszk\u00f6zt\u0151l, valamint az alkalmaz\u00e1s hely\u00e9t\u0151l, felt\u00e9ve hogy a technikai feladatot az adatokon v\u00e9gzik;<\/span><\/li><li>adatfeldolgoz\u00f3<span style=\"font-weight: normal;\">: az a term\u00e9szetes vagy jogi szem\u00e9ly, illetve jogi szem\u00e9lyis\u00e9ggel nem rendelkez\u0151 szervezet, aki, vagy amely szerz\u0151d\u00e9s alapj\u00e1n \u2013 bele\u00e9rtve a jogszab\u00e1ly rendelkez\u00e9se alapj\u00e1n k\u00f6t\u00f6tt szerz\u0151d\u00e9st is \u2013 az adatok feldolgoz\u00e1s\u00e1t v\u00e9gzi;<\/span><\/li><li>harmadik szem\u00e9ly<span style=\"font-weight: normal;\">: olyan term\u00e9szetes vagy jogi szem\u00e9ly, illetve jogi szem\u00e9lyis\u00e9ggel nem rendelkez\u0151 szervezet, aki vagy amely nem azonos az \u00e9rintettel,az adatkezel\u0151vel vagy az adatfeldolgoz\u00f3val;<\/span><\/li><li>harmadik orsz\u00e1g<span style=\"font-weight: normal;\">: minden olyan \u00e1llam, amely nem EGT-\u00e1llam.<\/span><\/li><li>k\u00f6telez\u0151 szervezeti szab\u00e1lyoz\u00e1s<span style=\"font-weight: normal;\"> (BCR \u2013 bindingcorporaterules): multinacion\u00e1lis t\u00e1rsas\u00e1gok \u00e1ltal alkalmazott \u00e9s a bejegyz\u00e9s sz\u00e9khelye szerinti EU-tag\u00e1llam adatv\u00e9delmi hat\u00f3s\u00e1ga \u00e1ltal j\u00f3v\u00e1hagyott k\u00f6telez\u0151 magatart\u00e1si k\u00f3dex. Ennek \u00e9rtelm\u00e9ben a multinacion\u00e1lis c\u00e9gcsoport v\u00e1llalja, hogy a v\u00e1llalatcsoporton bel\u00fcli, az EU tag\u00e1llamok ter\u00fclet\u00e9r\u0151l harmadik, nem uni\u00f3s orsz\u00e1gba t\u00f6rt\u00e9n\u0151 adattov\u00e1bb\u00edt\u00e1s sor\u00e1n megfelel\u0151, a c\u00e9lorsz\u00e1gban egy\u00e9bk\u00e9nt szok\u00e1sosn\u00e1l nagyobb szint\u0171 v\u00e9detts\u00e9get biztos\u00edt az \u00e1ltala tov\u00e1bb\u00edtott szem\u00e9lyes adatoknak.<\/span><\/li><li>adatv\u00e9delmi incidens<span style=\"font-weight: normal;\">: mag\u00e1ban foglal minden jogellenes adatkezel\u00e9st, f\u00fcggetlen\u00fcl att\u00f3l, hogy azokat sz\u00e1nd\u00e9kosan vagy gondatlanul, esetleg technikai hiba miatt val\u00f3s\u00edtott\u00e1k meg. Az ilyen adatv\u00e9delmi incidensekr\u0151l az adatkezel\u0151nek nyilv\u00e1ntart\u00e1st kell vezetnie abb\u00f3l a c\u00e9lb\u00f3l, hogy azokr\u00f3l inform\u00e1ci\u00f3t adhasson az \u00e9rintetteknek, valamint hogy az adatv\u00e9delmi hat\u00f3s\u00e1g ellen\u0151rizhesse az adatkezel\u0151nek az incidensekkel kapcsolatos tev\u00e9kenys\u00e9g\u00e9t.<\/span><\/li><\/ul><div style=\"text-align: left;\"><span style=\"color: #daa520; font-family: Arial, sans-serif;\"><span style=\"font-size: 30px; font-weight: 400;\">Egy\u00e9b<\/span><\/span><\/div><div style=\"text-align: left;\"><span style=\"color: #222222; font-family: 'Merriweather Sans', sans-serif; font-size: 15px; font-weight: 400; text-align: justify;\">T\u00e1j\u00e9koztatjuk \u00fcgyfeleinket, hogy a b\u00edr\u00f3s\u00e1g, az \u00fcgy\u00e9szs\u00e9g, a nyomoz\u00f3hat\u00f3s\u00e1g, a szab\u00e1lys\u00e9rt\u00e9si hat\u00f3s\u00e1g, a k\u00f6zigazgat\u00e1si hat\u00f3s\u00e1g, az adatv\u00e9delmi biztos, illet\u0151leg jogszab\u00e1ly felhatalmaz\u00e1sa alapj\u00e1n m\u00e1s szervek t\u00e1j\u00e9koztat\u00e1s ad\u00e1sa, adatok k\u00f6zl\u00e9se, \u00e1tad\u00e1sa, illet\u0151leg iratok rendelkez\u00e9sre bocs\u00e1t\u00e1sa miatt megkeresheti az adatkezel\u0151t.<\/span><br \/><span style=\"color: #222222; font-family: 'Merriweather Sans', sans-serif; font-size: 15px; font-weight: 400;\">A Dr\u00e1makommand\u00f3 a hat\u00f3s\u00e1gok r\u00e9sz\u00e9re &#8211; amennyiben a hat\u00f3s\u00e1g a pontos c\u00e9lt \u00e9s az adatok k\u00f6r\u00e9t megjel\u00f6lte &#8211; szem\u00e9lyes adatot csak annyit \u00e9s olyan m\u00e9rt\u00e9kben ad ki, amely a megkeres\u00e9s c\u00e9lj\u00e1nak megval\u00f3s\u00edt\u00e1s\u00e1hoz elengedhetetlen\u00fcl sz\u00fcks\u00e9ges.<\/span><span style=\"color: #222222; font-family: 'Merriweather Sans', sans-serif; font-size: 15px; font-weight: 400;\"><br \/><\/span><span style=\"color: #222222; font-family: 'Merriweather Sans', sans-serif; font-size: 15px; font-weight: 400;\"><br \/><\/span><\/div><h5 style=\"text-align: left; margin-bottom: 1rem; font-style: normal; font-variant-ligatures: normal; font-variant-caps: normal;\"><span style=\"color: #daa520; font-family: Arial, sans-serif;\"><span style=\"font-size: 30px; font-weight: 400;\">Jogorvoslati lehet\u0151s\u00e9gek<\/span><\/span><\/h5><h5 style=\"margin-bottom: 1rem; font-style: normal; font-variant-ligatures: normal; font-variant-caps: normal; text-align: left;\"><span style=\"color: #222222; font-family: 'Merriweather Sans', sans-serif; font-size: 15px; font-weight: 400;\">Az \u00e9rintett t\u00e1j\u00e9koztat\u00e1st k\u00e9rhet szem\u00e9lyes adatai kezel\u00e9s\u00e9r\u0151l, valamint k\u00e9rheti szem\u00e9lyes adatainak helyesb\u00edt\u00e9s\u00e9t, illetve &#8211; a jogszab\u00e1lyban elrendelt adatkezel\u00e9sek kiv\u00e9tel\u00e9vel &#8211; t\u00f6rl\u00e9s\u00e9t az adatfelv\u00e9tel\u00e9n\u00e9l jelzett m\u00f3don, illetve \u00fcgyf\u00e9lszolg\u00e1lata \u00fatj\u00e1n.<\/span><br \/><span style=\"color: #222222; font-family: 'Merriweather Sans', sans-serif; font-size: 15px; font-weight: 400;\">Az \u00e9rintett k\u00e9relm\u00e9re a Dr\u00e1makommand\u00f3, mint adatkezel\u0151 t\u00e1j\u00e9koztat\u00e1st ad az \u00e1ltala kezelt, illet\u0151leg az \u00e1ltala megb\u00edzott feldolgoz\u00f3 \u00e1ltal feldolgozott adatair\u00f3l, az adatkezel\u00e9s c\u00e9lj\u00e1r\u00f3l, jogalapj\u00e1r\u00f3l, id\u0151tartam\u00e1r\u00f3l, az adatfeldolgoz\u00f3 nev\u00e9r\u0151l, c\u00edm\u00e9r\u0151l (sz\u00e9khely\u00e9r\u0151l) \u00e9s az adatkezel\u00e9ssel \u00f6sszef\u00fcgg\u0151 tev\u00e9kenys\u00e9g\u00e9r\u0151l, tov\u00e1bb\u00e1 arr\u00f3l, hogy kik \u00e9s milyen c\u00e9lb\u00f3l kapj\u00e1k vagy kapt\u00e1k meg az adatokat. Az adatkezel\u0151 a k\u00e9relem beny\u00fajt\u00e1s\u00e1t\u00f3l sz\u00e1m\u00edtott legr\u00f6videbb id\u0151 alatt, legfeljebb azonban 30 napon bel\u00fcl \u00edr\u00e1sban, k\u00f6z\u00e9rthet\u0151 form\u00e1ban adja meg a t\u00e1j\u00e9koztat\u00e1st. E t\u00e1j\u00e9koztat\u00e1s ingyenes, ha a t\u00e1j\u00e9koztat\u00e1st k\u00e9r\u0151 a foly\u00f3 \u00e9vben azonos ter\u00fcletre vonatkoz\u00f3 t\u00e1j\u00e9koztat\u00e1si k\u00e9relmet az adatkezel\u0151h\u00f6z m\u00e9g nem ny\u00fajtott be. Egy\u00e9b esetekben Dr\u00e1makommand\u00f3 k\u00f6lts\u00e9gt\u00e9r\u00edt\u00e9st \u00e1llap\u00edt meg.<\/span><\/h5><h5 style=\"margin-bottom: 1rem; font-style: normal; font-variant-ligatures: normal; font-variant-caps: normal; text-align: left;\"><span style=\"color: #222222; font-family: 'Merriweather Sans', sans-serif; font-size: 15px; font-weight: 400;\">A Dr\u00e1makommand\u00f3 a szem\u00e9lyes adatot t\u00f6rli, ha kezel\u00e9se jogellenes, az \u00e9rintett k\u00e9ri, az adatkezel\u00e9s c\u00e9lja megsz\u0171nt, vagy az adatok t\u00e1rol\u00e1s\u00e1nak t\u00f6rv\u00e9nyben meghat\u00e1rozott hat\u00e1rideje lej\u00e1rt, azt a b\u00edr\u00f3s\u00e1g vagy az adatv\u00e9delmi biztos elrendelte.<\/span><\/h5><h5 style=\"margin-bottom: 1rem; font-style: normal; font-variant-ligatures: normal; font-variant-caps: normal; text-align: left;\"><span style=\"color: #222222; font-family: 'Merriweather Sans', sans-serif; font-size: 15px;\">Az \u00e9rintett tiltakozhat szem\u00e9lyes adat\u00e1nak kezel\u00e9se ellen, ha<\/span><br \/><span style=\"color: #222222; font-family: 'Merriweather Sans', sans-serif; font-size: 15px; font-weight: 400;\">a) a szem\u00e9lyes adatok kezel\u00e9se (tov\u00e1bb\u00edt\u00e1sa) kiz\u00e1r\u00f3lag az adatkezel\u0151 vagy az adat\u00e1tvev\u0151 jog\u00e1nak vagy jogos \u00e9rdek\u00e9nek \u00e9rv\u00e9nyes\u00edt\u00e9s\u00e9hez sz\u00fcks\u00e9ges, kiv\u00e9ve, ha az adatkezel\u00e9st t\u00f6rv\u00e9ny rendelte el;\u00a0<\/span><br \/><span style=\"color: #222222; font-family: 'Merriweather Sans', sans-serif; font-size: 15px; font-weight: 400;\">b) a szem\u00e9lyes adat felhaszn\u00e1l\u00e1sa vagy tov\u00e1bb\u00edt\u00e1sa k\u00f6zvetlen \u00fczletszerz\u00e9s, k\u00f6zv\u00e9lem\u00e9nykutat\u00e1s, vagy tudom\u00e1nyos kutat\u00e1s c\u00e9lj\u00e1ra t\u00f6rt\u00e9nik;\u00a0<\/span><br \/><span style=\"color: #222222; font-family: 'Merriweather Sans', sans-serif; font-size: 15px; font-weight: 400;\">c) a tiltakoz\u00e1s jog\u00e1nak gyakorl\u00e1s\u00e1t egy\u00e9bk\u00e9nt t\u00f6rv\u00e9ny lehet\u0151v\u00e9 teszi.<\/span><\/h5><h5 style=\"margin-bottom: 1rem; font-style: normal; font-variant-ligatures: normal; font-variant-caps: normal; text-align: left;\"><span style=\"color: #222222; font-family: 'Merriweather Sans', sans-serif; font-size: 15px; font-weight: 400;\">A Dr\u00e1makommand\u00f3 &#8211; az adatkezel\u00e9s egyidej\u0171 felf\u00fcggeszt\u00e9s\u00e9vel &#8211; a tiltakoz\u00e1st a k\u00e9relem beny\u00fajt\u00e1s\u00e1t\u00f3l sz\u00e1m\u00edtott legr\u00f6videbb id\u0151n bel\u00fcl, de legfeljebb 15 nap alatt megvizsg\u00e1lja, \u00e9s annak eredm\u00e9ny\u00e9r\u0151l a k\u00e9relmez\u0151t \u00edr\u00e1sban t\u00e1j\u00e9koztatja. Amennyiben a tiltakoz\u00e1s indokolt, az adatkezel\u0151 az adatkezel\u00e9st &#8211; bele\u00e9rtve a tov\u00e1bbi adatfelv\u00e9telt \u00e9s adattov\u00e1bb\u00edt\u00e1st is &#8211; megsz\u00fcnteti, \u00e9s az adatokat z\u00e1rolja, valamint a tiltakoz\u00e1sr\u00f3l, illet\u0151leg az annak alapj\u00e1n tett int\u00e9zked\u00e9sekr\u0151l \u00e9rtes\u00edti mindazokat, akik r\u00e9sz\u00e9re a tiltakoz\u00e1ssal \u00e9rintett szem\u00e9lyes adatot kor\u00e1bban tov\u00e1bb\u00edtotta, \u00e9s akik k\u00f6telesek int\u00e9zkedni a tiltakoz\u00e1si jog \u00e9rv\u00e9nyes\u00edt\u00e9se \u00e9rdek\u00e9ben.<\/span><\/h5><h5 style=\"margin-bottom: 1rem; font-style: normal; font-variant-ligatures: normal; font-variant-caps: normal; text-align: left;\"><span style=\"color: #222222; font-family: 'Merriweather Sans', sans-serif; font-size: 15px; font-weight: 400;\">Amennyiben az \u00e9rintett az adatkezel\u0151nek a meghozott d\u00f6nt\u00e9s\u00e9vel nem \u00e9rt egyet, az ellen &#8211; annak k\u00f6zl\u00e9s\u00e9t\u0151l sz\u00e1m\u00edtott 30 napon bel\u00fcl &#8211; b\u00edr\u00f3s\u00e1ghoz fordulhat.<\/span><\/h5><h5 style=\"margin-bottom: 1rem; font-style: normal; font-variant-ligatures: normal; font-variant-caps: normal; text-align: left;\"><span style=\"color: #222222; font-family: 'Merriweather Sans', sans-serif; font-size: 15px; font-weight: 400;\">Az \u00e9rintett jogainak megs\u00e9rt\u00e9se eset\u00e9n az adatkezel\u0151 ellen b\u00edr\u00f3s\u00e1ghoz fordulhat. A b\u00edr\u00f3s\u00e1g az \u00fcgyben soron k\u00edv\u00fcl j\u00e1r el.<\/span><\/h5><h5 style=\"margin-bottom: 1rem; font-style: normal; font-variant-ligatures: normal; font-variant-caps: normal; text-align: left;\"><span style=\"color: #222222; font-family: 'Merriweather Sans', sans-serif; font-size: 15px; font-weight: 400;\">A Dr\u00e1makommand\u00f3 az \u00e9rintett adatainak jogellenes kezel\u00e9s\u00e9vel vagy a technikai adatv\u00e9delem k\u00f6vetelm\u00e9nyeinek megszeg\u00e9s\u00e9vel m\u00e1snak okozott k\u00e1rt megt\u00e9r\u00edti. Az adatkezel\u0151 mentes\u00fcl a felel\u0151ss\u00e9g al\u00f3l, ha a k\u00e1rt az adatkezel\u00e9s k\u00f6r\u00e9n k\u00edv\u00fcl es\u0151 elh\u00e1r\u00edthatatlan ok id\u00e9zte el\u0151.<\/span><\/h5><h5 style=\"margin-bottom: 1rem; font-style: normal; font-variant-ligatures: normal; font-variant-caps: normal; text-align: left;\"><span style=\"color: #222222; font-family: 'Merriweather Sans', sans-serif; font-size: 15px; font-weight: 400;\">Az adatkezel\u0151 tov\u00e1bb\u00e1 nem t\u00e9r\u00edti meg a k\u00e1rt annyiban, amennyiben az a k\u00e1rosult sz\u00e1nd\u00e9kos vagy s\u00falyosan gondatlan magatart\u00e1s\u00e1b\u00f3l sz\u00e1rmazott.<\/span><\/h5><h5 style=\"margin-bottom: 1rem; font-style: normal; font-variant-ligatures: normal; font-variant-caps: normal; text-align: left;\"><span style=\"color: #222222; font-family: 'Merriweather Sans', sans-serif; font-size: 15px; font-weight: 400;\">Jogorvoslati leheto\u030bs\u00e9ggel, panasszal a<a href=\"https:\/\/www.naih.hu\/\" target=\"_blank\" rel=\"noopener\"> Nemzeti Adatv\u00e9delmi \u00e9s Inform\u00e1cio\u0301szabads\u00e1g Hato\u0301s\u00e1g<\/a>n\u00e1l lehet \u00e9lni:<\/span><br \/><span style=\"color: #222222; font-family: 'Merriweather Sans', sans-serif; font-size: 15px; font-weight: 400;\">N\u00e9v: Nemzeti Adatv\u00e9delmi \u00e9s Inform\u00e1ci\u00f3szabads\u00e1g Hat\u00f3s\u00e1g<\/span><br \/><span style=\"color: #222222; font-family: 'Merriweather Sans', sans-serif; font-size: 15px; font-weight: 400;\">Sz\u00e9khely: 1125 Budapest Szil\u00e1gyi Erzs\u00e9bet fasor 22\/C<\/span><br \/><span style=\"color: #222222; font-family: 'Merriweather Sans', sans-serif; font-size: 15px; font-weight: 400;\">Postac\u00edm: 1530 Budapest, Pf.: 5.<\/span><br \/><span style=\"color: #222222; font-family: 'Merriweather Sans', sans-serif; font-size: 15px; font-weight: 400;\">Telefon: +36 1 391 1400<\/span><br \/><span style=\"color: #222222; font-family: 'Merriweather Sans', sans-serif; font-size: 15px; font-weight: 400;\">Telefax: +36 1 391 1410<br \/>Email: <a href=\"mailto:ugyfelszolgalat@naih.hu\">ugyfelszolgalat@naih.hu<\/a><\/span><\/h5><h5 style=\"margin-bottom: 1rem; font-style: normal; font-variant-ligatures: normal; font-variant-caps: normal; text-align: left;\"><span style=\"font-size: 15px; font-style: normal; font-variant-ligatures: normal; font-variant-caps: normal; color: #222222; font-family: 'Merriweather Sans', sans-serif; font-weight: 400;\">Ha valaki k\u00f6z\u00e9rdek\u0171 adathoz az\u00e9rt nem kap hozz\u00e1f\u00e9r\u00e9st, mert azt nemzeti adatnak min\u0151s\u00edtett\u00e9k, akkor fel\u00fclvizsg\u00e1latot kezdem\u00e9nyezhet az adatmin\u0151s\u00edt\u00e9ssel szemben. A fel\u00fclvizsg\u00e1latot az adatv\u00e9delmi hat\u00f3s\u00e1g folytathatja le, azonban, ha az adatig\u00e9nyl\u0151 nem tal\u00e1lja ezt elegend\u0151nek, akkor ezt k\u00f6vet\u0151en titokfel\u00fcgyeleti elj\u00e1r\u00e1st is k\u00e9rhet. Ez ut\u00f3bbit szint\u00e9n a hat\u00f3s\u00e1g folytathatja le, s elj\u00e1r\u00e1sa akkor is hivatalb\u00f3l ind\u00edtottnak min\u0151s\u00fcl, ha azt bejelent\u00e9sen alapul\u00f3 vizsg\u00e1lat el\u0151zte meg. A bejelent\u0151vel azonban k\u00f6z\u00f6lni kell a titokfel\u00fcgyeleti elj\u00e1r\u00e1s t\u00e9ny\u00e9t \u00e9s az elj\u00e1r\u00e1st befejez\u0151 d\u00f6nt\u00e9st. A titokfel\u00fcgyeleti elj\u00e1r\u00e1s eredm\u00e9nye lehet, hogy a hat\u00f3s\u00e1g meg\u00e1llap\u00edtja, hogy jogellenes a nemzeti min\u0151s\u00edtett adatnak val\u00f3 min\u0151s\u00edt\u00e9s, \u00e9s a min\u0151s\u00edt\u0151t a min\u0151s\u00edt\u00e9s szintj\u00e9nek vagy \u00e9rv\u00e9nyess\u00e9gi idej\u00e9nek jogszab\u00e1ly szerinti megv\u00e1ltoztat\u00e1s\u00e1ra sz\u00f3l\u00edtja fel, vagy pedig k\u00f6telezi \u0151t a min\u0151s\u00edt\u00e9s megsz\u00fcntet\u00e9s\u00e9re. Az elj\u00e1r\u00e1s m\u00e1sik lehets\u00e9ges kimenetele pedig, hogy a hat\u00f3s\u00e1g meg\u00e1llap\u00edtja, hogy az \u00e9rintett adat val\u00f3ban jogszer\u0171en tartozik a nemzeti min\u0151s\u00edtett adatok v\u00e9delme al\u00e1. A titokfel\u00fcgyeleti <\/span><span style=\"font-size: 15px; font-style: normal; font-variant-ligatures: normal; font-variant-caps: normal; font-weight: normal;\"><span style=\"color: #222222; font-family: 'Merriweather Sans', sans-serif; font-size: 15px;\">elj\u00e1r<\/span>\u00e1s \u00fcgyint\u00e9z\u00e9s\u00e9re k\u00e9t h\u00f3napja van a hat\u00f3s\u00e1gnak, ami egy alkalommal (legfeljebb harminc nappal) meghosszabb\u00edthat\u00f3.<\/span><\/h5><h5 style=\"margin-bottom: 1rem; font-style: normal; font-variant-ligatures: normal; font-variant-caps: normal; text-align: left;\"><span style=\"color: #222222; font-family: 'Merriweather Sans', sans-serif; font-size: 15px; font-weight: bolder;\">\u00a0<\/span><\/h5><h5 style=\"margin-bottom: 1rem; font-variant-ligatures: normal; font-variant-caps: normal; font-family: Roboto, sans-serif; font-style: normal; text-align: left;\"><span style=\"color: #daa520; font-family: Arial, sans-serif;\"><span style=\"font-size: 30px; font-weight: 400;\">Felel\u0151ss\u00e9g korl\u00e1toz\u00e1sa<\/span><\/span><\/h5><h5 style=\"margin-bottom: 1rem; font-style: normal; font-variant-ligatures: normal; font-variant-caps: normal; text-align: left;\"><span style=\"color: #222222; font-family: 'Merriweather Sans', sans-serif; font-size: 15px; font-weight: 400;\">1. A Dr\u00e1makommand\u00f3 Egyes\u00fclet semmilyen m\u00f3don nem felel\u0151s az al\u00e1bb felsorolt pontokban foglaltak miatt, b\u00e1rmilyen okb\u00f3l is k\u00f6vetkeztek be:<\/span><\/h5><ul style=\"text-align: left;\"><li><h5><span style=\"color: #222222; font-family: 'Merriweather Sans', sans-serif; font-size: 15px; font-weight: normal;\">Az interneten k\u00fcld\u00f6tt \u00e9s\/vagy fogadott b\u00e1rmilyen adat.<\/span><\/h5><\/li><li><h5><span style=\"font-weight: normal;\">B\u00e1rmilyen m\u0171k\u00f6d\u00e9si hiba az internetes h\u00e1l\u00f3zatban, ami megakad\u00e1lyozza honlapunk akad\u00e1lytalan m\u0171k\u00f6d\u00e9s\u00e9t.<\/span><\/h5><\/li><li><h5><span style=\"font-weight: normal;\">B\u00e1rmilyen meghib\u00e1sod\u00e1s b\u00e1rmely v\u00e9teli eszk\u00f6zben a kommunik\u00e1ci\u00f3s vonalakon.<\/span><\/h5><\/li><li><h5><span style=\"font-weight: normal;\">B\u00e1rmely lev\u00e9l &#8211; f\u00fcggetlen\u00fcl att\u00f3l hogy pap\u00edr vagy elektronikus form\u00e1ban \u00e9rkezett &#8211; de f\u0151leg b\u00e1rmilyen adat elveszt\u00e9se.<\/span><\/h5><\/li><li><h5><span style=\"font-weight: normal;\">B\u00e1rmely szoftver nem megfelel\u0151 m\u0171k\u00f6d\u00e9se.<\/span><\/h5><\/li><li><h5><span style=\"font-weight: normal;\">B\u00e1rmilyen programhiba, abnorm\u00e1lis esem\u00e9ny vagy technikai hiba k\u00f6vetkezm\u00e9nyei.<\/span><\/h5><\/li><\/ul><p style=\"text-align: left;\"><span style=\"color: #222222; font-family: 'Merriweather Sans', sans-serif; font-size: 15px; font-weight: 400;\">2. A Dr\u00e1makommand\u00f3 Egyes\u00fclet nem vonhat\u00f3 felel\u0151ss\u00e9gre semmilyen esetben vis maior eset\u00e9n vagy b\u00e1rmilyen esem\u00e9nnyel kapcsolatosan, ami nem az ir\u00e1ny\u00edt\u00e1sa alatt \u00e1ll.<\/span><\/p><p style=\"text-align: left;\"><span style=\"color: #222222; font-family: 'Merriweather Sans', sans-serif; font-size: 15px; font-weight: 400;\">3. A Dr\u00e1makommand\u00f3 Egyes\u00fclet fenntartja mag\u00e1nak a jogot, hogy a weboldalt el\u0151zetes figyelmeztet\u00e9s n\u00e9lk\u00fcl megv\u00e1ltoztassa, friss\u00edtse, illetve annak m\u0171k\u00f6d\u00e9s\u00e9t id\u0151legesen vagy tart\u00f3san sz\u00fcneteltesse, vagy megsz\u00fcntesse. A weboldal felhaszn\u00e1l\u00f3ja elfogadja, hogy a weboldal m\u00f3dos\u00edt\u00e1s\u00e1b\u00f3l, friss\u00edt\u00e9s\u00e9b\u0151l, m\u0171k\u00f6d\u00e9s\u00e9nek felf\u00fcggeszt\u00e9s\u00e9b\u0151l, illetve megsz\u00fcntet\u00e9s\u00e9b\u0151l ered\u0151 k\u00e1r\u00e9rt a Dr\u00e1makommand\u00f3 felel\u0151ss\u00e9get nem v\u00e1llal.<\/span><\/p><p style=\"text-align: left;\"><span style=\"color: #222222; font-family: 'Merriweather Sans', sans-serif; font-size: 15px; font-weight: 400;\">4. Jelen nyilatkozatban t\u00f6rt\u00e9nt b\u00e1rmely m\u00f3dos\u00edt\u00e1s att\u00f3l az id\u0151pontt\u00f3l \u00e9rv\u00e9nyes, amikor online megtal\u00e1lhat\u00f3 a\u00a0<\/span><a style=\"font-size: 15px; font-style: normal; font-variant-ligatures: normal; font-variant-caps: normal; font-weight: normal; text-align: left; font-family: &#039;Merriweather Sans&#039;, sans-serif; background-color: #ffffff; color: #13aff0;\" href=\"https:\/\/dramakommando.hu\/en\/\">www.dramakommando.hu<\/a>\u00a0<span style=\"color: #222222; font-family: 'Merriweather Sans', sans-serif; font-size: 15px; font-weight: 400;\">oldalon.<\/span><\/p><h5 style=\"margin-bottom: 1rem; font-variant-ligatures: normal; font-variant-caps: normal; font-family: Roboto, sans-serif; font-style: normal; text-align: left;\"><span style=\"color: #daa520; font-family: Arial, sans-serif;\"><span style=\"font-size: 30px; font-weight: 400;\">Szerz\u0151i jogok<\/span><\/span><\/h5><p style=\"text-align: left;\"><span style=\"color: #222222; font-family: 'Merriweather Sans', sans-serif; font-size: 15px; font-weight: 400;\">Az oldalon tal\u00e1lhat\u00f3 \u00f6sszes inform\u00e1ci\u00f3, fot\u00f3, valamint az oldal grafikai \u00e9s technikai szerkezete a Dr\u00e1makommand\u00f3 kiz\u00e1r\u00f3lagos tulajdon\u00e1t k\u00e9pezi, amely szerz\u0151i jogv\u00e9delem alatt \u00e1ll (1999. \u00e9vi LXXVI. t\u00f6rv\u00e9ny a szerz\u0151i jogr\u00f3l). Ezek felhaszn\u00e1l\u00e1sa, a jogtulajdonos hozz\u00e1j\u00e1rul\u00e1sa n\u00e9lk\u00fcl, a szerz\u0151i jogok megs\u00e9rt\u00e9s\u00e9t jelenti, \u00e9s jogi k\u00f6vetkezm\u00e9nyeket von maga ut\u00e1n.<\/span><br \/><span style=\"color: #222222; font-family: 'Merriweather Sans', sans-serif; font-size: 15px; font-weight: 400;\">Az oldal b\u00e1rmely elem\u00e9nek felhaszn\u00e1l\u00e1s\u00e1hoz Dr\u00e1makommand\u00f3 el\u0151zetes \u00edr\u00e1sbeli enged\u00e9lye sz\u00fcks\u00e9ges.<\/span><\/p><p style=\"text-align: left;\"><span style=\"color: #222222; font-family: 'Merriweather Sans', sans-serif; font-size: 15px; font-weight: 400;\">\u00a0<\/span><\/p><p style=\"text-align: left;\"><span style=\"color: #222222; font-family: Merriweather Sans, sans-serif;\"><span style=\"font-size: 15px;\">2024. \u00e1prilis 7.<\/span><\/span><\/p>\t\t\t\t\t\t\t\t<\/div>\n\t\t\t\t<\/div>\n\t\t\t\t\t<\/div>\n\t\t<\/div>\n\t\t\t\t\t<\/div>\n\t\t<\/section>\n\t\t\t\t<\/div>","protected":false},"excerpt":{"rendered":"<p>Adatv\u00e9delmi T\u00e1j\u00e9koztat\u00f3 Adatkezel\u0151 Adatkezel\u0151: Dr\u00e1makommand\u00f3 Egyes\u00fclet (tov\u00e1bbiakban: Dr\u00e1makommand\u00f3) Adatkezel\u0151 c\u00edme:\u00a0Szentendre 2000 Saru k\u00f6z 3. Adatkezel\u0151 ad\u00f3sz\u00e1ma:\u00a019239981-1-13 Adatkezel\u0151 elektronikus levelez\u00e9si c\u00edme:\u00a0dramakommando@gmail.com A Dr\u00e1makommand\u00f3 mag\u00e1ra n\u00e9zve k\u00f6telez\u0151nek ismeri el jelen jogi k\u00f6zlem\u00e9ny tartalm\u00e1t, tov\u00e1bb\u00e1 k\u00f6telezetts\u00e9get v\u00e1llal arra, hogy tev\u00e9kenys\u00e9g\u00e9vel kapcsolatos minden adatkezel\u00e9s megfelel a jelen szab\u00e1lyzatban \u00e9s a hat\u00e1lyos jogszab\u00e1lyokban meghat\u00e1rozott elv\u00e1r\u00e1soknak. A\u00a0www.dramakommando.hu\u00a0c\u00edmen el\u00e9rhet\u0151 szolg\u00e1ltat\u00e1s adatkezel\u00e9seivel kapcsolatosan [&hellip;]<\/p>","protected":false},"author":3,"featured_media":0,"parent":0,"menu_order":0,"comment_status":"closed","ping_status":"closed","template":"","meta":{"ocean_post_layout":"","ocean_both_sidebars_style":"","ocean_both_sidebars_content_width":0,"ocean_both_sidebars_sidebars_width":0,"ocean_sidebar":"","ocean_second_sidebar":"","ocean_disable_margins":"enable","ocean_add_body_class":"","ocean_shortcode_before_top_bar":"","ocean_shortcode_after_top_bar":"","ocean_shortcode_before_header":"","ocean_shortcode_after_header":"","ocean_has_shortcode":"","ocean_shortcode_after_title":"","ocean_shortcode_before_footer_widgets":"","ocean_shortcode_after_footer_widgets":"","ocean_shortcode_before_footer_bottom":"","ocean_shortcode_after_footer_bottom":"","ocean_display_top_bar":"default","ocean_display_header":"default","ocean_header_style":"","ocean_center_header_left_menu":"","ocean_custom_header_template":"","ocean_custom_logo":0,"ocean_custom_retina_logo":0,"ocean_custom_logo_max_width":0,"ocean_custom_logo_tablet_max_width":0,"ocean_custom_logo_mobile_max_width":0,"ocean_custom_logo_max_height":0,"ocean_custom_logo_tablet_max_height":0,"ocean_custom_logo_mobile_max_height":0,"ocean_header_custom_menu":"","ocean_menu_typo_font_family":"","ocean_menu_typo_font_subset":"","ocean_menu_typo_font_size":0,"ocean_menu_typo_font_size_tablet":0,"ocean_menu_typo_font_size_mobile":0,"ocean_menu_typo_font_size_unit":"px","ocean_menu_typo_font_weight":"","ocean_menu_typo_font_weight_tablet":"","ocean_menu_typo_font_weight_mobile":"","ocean_menu_typo_transform":"","ocean_menu_typo_transform_tablet":"","ocean_menu_typo_transform_mobile":"","ocean_menu_typo_line_height":0,"ocean_menu_typo_line_height_tablet":0,"ocean_menu_typo_line_height_mobile":0,"ocean_menu_typo_line_height_unit":"","ocean_menu_typo_spacing":0,"ocean_menu_typo_spacing_tablet":0,"ocean_menu_typo_spacing_mobile":0,"ocean_menu_typo_spacing_unit":"","ocean_menu_link_color":"","ocean_menu_link_color_hover":"","ocean_menu_link_color_active":"","ocean_menu_link_background":"","ocean_menu_link_hover_background":"","ocean_menu_link_active_background":"","ocean_menu_social_links_bg":"","ocean_menu_social_hover_links_bg":"","ocean_menu_social_links_color":"","ocean_menu_social_hover_links_color":"","ocean_disable_title":"default","ocean_disable_heading":"default","ocean_post_title":"","ocean_post_subheading":"","ocean_post_title_style":"","ocean_post_title_background_color":"","ocean_post_title_background":0,"ocean_post_title_bg_image_position":"","ocean_post_title_bg_image_attachment":"","ocean_post_title_bg_image_repeat":"","ocean_post_title_bg_image_size":"","ocean_post_title_height":0,"ocean_post_title_bg_overlay":0.5,"ocean_post_title_bg_overlay_color":"","ocean_disable_breadcrumbs":"default","ocean_breadcrumbs_color":"","ocean_breadcrumbs_separator_color":"","ocean_breadcrumbs_links_color":"","ocean_breadcrumbs_links_hover_color":"","ocean_display_footer_widgets":"default","ocean_display_footer_bottom":"default","ocean_custom_footer_template":"","footnotes":""},"class_list":["post-1320","page","type-page","status-publish","hentry","entry"],"_links":{"self":[{"href":"https:\/\/dramakommando.hu\/en\/wp-json\/wp\/v2\/pages\/1320","targetHints":{"allow":["GET"]}}],"collection":[{"href":"https:\/\/dramakommando.hu\/en\/wp-json\/wp\/v2\/pages"}],"about":[{"href":"https:\/\/dramakommando.hu\/en\/wp-json\/wp\/v2\/types\/page"}],"author":[{"embeddable":true,"href":"https:\/\/dramakommando.hu\/en\/wp-json\/wp\/v2\/users\/3"}],"replies":[{"embeddable":true,"href":"https:\/\/dramakommando.hu\/en\/wp-json\/wp\/v2\/comments?post=1320"}],"version-history":[{"count":0,"href":"https:\/\/dramakommando.hu\/en\/wp-json\/wp\/v2\/pages\/1320\/revisions"}],"wp:attachment":[{"href":"https:\/\/dramakommando.hu\/en\/wp-json\/wp\/v2\/media?parent=1320"}],"curies":[{"name":"wp","href":"https:\/\/api.w.org\/{rel}","templated":true}]}}